{"id":81,"date":"2022-12-13T10:23:09","date_gmt":"2022-12-13T09:23:09","guid":{"rendered":"http:\/\/sub-seed.com\/?page_id=81"},"modified":"2023-06-27T18:04:29","modified_gmt":"2023-06-27T16:04:29","slug":"mon-parcours","status":"publish","type":"page","link":"https:\/\/sub-seed.com\/index.php\/mon-parcours\/","title":{"rendered":"Mon parcours"},"content":{"rendered":"\n<p class=\"has-text-align-left has-text-color has-medium-font-size\" style=\"color:#253367\">De formation technique et commerciale, j\u2019ai exerc\u00e9 diverses fonctions dont celle d\u2019Acheteur Industriel, Coach, Formateur et Relais RH pour D\u00e9cathlon pendant 10 ans. <\/p>\n\n\n\n<p class=\"has-text-align-left has-text-color has-medium-font-size\" style=\"color:#253367\">Passionn\u00e9 par l&rsquo;humain, je suis form\u00e9 au coaching professionnel chez Coaching Ways (certifi\u00e9 ICF et RNCP), \u00e0 la <a rel=\"noreferrer noopener\" href=\"https:\/\/www.youtube.com\/watch?v=rHfYWs31PMg\" target=\"_blank\">Communication Non Violente<\/a>, aux Bio-Sc\u00e9narios et je continue de me former aux approches syst\u00e9miques. Je suis \u00e9galement praticien certifi\u00e9 DISC et Forces Motrices.<\/p>\n\n\n\n<p class=\"has-text-color has-medium-font-size\" style=\"color:#253367\">Fort de cette exp\u00e9rience, j&rsquo;ai d\u00e9velopp\u00e9 ma propre activit\u00e9 de coach et formateur en 2022. J\u2019accompagne les personnes et les entreprises dans la mise en \u0153uvre de leurs aspirations.<\/p>\n\n\n\n<div style=\"height:48px\" aria-hidden=\"true\" class=\"wp-block-spacer\"><\/div>\n\n\n\n<p class=\"has-text-color has-large-font-size\" style=\"color:#253367\">Mes valeurs: <\/p>\n\n\n\n<ul class=\"has-text-color has-medium-font-size wp-block-list\" style=\"color:#253367\">\n<li>Authenticit\u00e9<\/li>\n\n\n\n<li>Autonomie<\/li>\n\n\n\n<li>Equilibre<\/li>\n<\/ul>\n\n\n\n<div style=\"height:43px\" aria-hidden=\"true\" class=\"wp-block-spacer\"><\/div>\n\n\n\n<p class=\"has-text-color has-large-font-size\" style=\"color:#253367\">Mes convictions:<\/p>\n\n\n\n<ul class=\"has-text-color has-medium-font-size wp-block-list\" style=\"color:#253367\">\n<li>Notre capacit\u00e9 \u00e0 nous accomplir est intimement li\u00e9e \u00e0 la connaissance de soi<\/li>\n\n\n\n<li>Remettre l\u2019humain au c\u0153ur de la performance et contribuer \u00e0 l\u2019\u00e9mergence d\u2019une soci\u00e9t\u00e9 positive<\/li>\n\n\n\n<li>La <a href=\"https:\/\/business.lesechos.fr\/entrepreneurs\/management\/0602862900752-le-principe-de-subsidiarite-applique-au-management-335654.php\" target=\"_blank\" rel=\"noreferrer noopener\">subsidiarit\u00e9<\/a> est un levier essentiel vers l&rsquo;autonomie et la responsabilisation de la personne<\/li>\n\n\n\n<li>Frugalit\u00e9: moins mais mieux.<\/li>\n<\/ul>\n\n\n\n<div style=\"height:126px\" aria-hidden=\"true\" class=\"wp-block-spacer\"><\/div>\n\n\n\n<div class=\"wp-block-group alignwide\"><div class=\"wp-block-group__inner-container is-layout-constrained wp-block-group-is-layout-constrained\">\n<div class=\"wp-block-media-text alignwide is-stacked-on-mobile is-vertically-aligned-center has-text-color has-background\" style=\"color:#253367;background-color:#eab037;grid-template-columns:30% auto\"><figure class=\"wp-block-media-text__media\"><img loading=\"lazy\" decoding=\"async\" width=\"739\" height=\"853\" src=\"http:\/\/sub-seed.com\/wp-content\/uploads\/2023\/01\/Jeremy-Dupont.jpg\" alt=\"J\u00e9r\u00e9my Dupont\" class=\"wp-image-134 size-full\" srcset=\"https:\/\/sub-seed.com\/wp-content\/uploads\/2023\/01\/Jeremy-Dupont.jpg 739w, https:\/\/sub-seed.com\/wp-content\/uploads\/2023\/01\/Jeremy-Dupont-260x300.jpg 260w, https:\/\/sub-seed.com\/wp-content\/uploads\/2023\/01\/Jeremy-Dupont-52x60.jpg 52w\" sizes=\"auto, (max-width: 739px) 100vw, 739px\" \/><\/figure><div class=\"wp-block-media-text__content\">\n<div class=\"wp-block-group\"><div class=\"wp-block-group__inner-container is-layout-constrained wp-block-group-is-layout-constrained\">\n<div class=\"wp-block-group\"><div class=\"wp-block-group__inner-container is-layout-constrained wp-block-group-is-layout-constrained\">\n<div class=\"wp-block-group\"><div class=\"wp-block-group__inner-container is-layout-constrained wp-block-group-is-layout-constrained\">\n<p class=\"has-medium-font-size\"><strong>J\u00e9r\u00e9my Dupont<\/strong><\/p>\n\n\n\n<p class=\"has-medium-font-size\">Coach professionnel et formateur<\/p>\n\n\n\n<p class=\"has-medium-font-size\">07 77 00 29 59<\/p>\n\n\n\n<p class=\"has-medium-font-size\"><a href=\"mailto:jeremy.dupont@sub-seed.com\">jeremy.dupont@sub-seed.com<\/a><\/p>\n<\/div><\/div>\n<\/div><\/div>\n<\/div><\/div>\n<\/div><\/div>\n<\/div><\/div>\n\n\n\n<div style=\"height:100px\" aria-hidden=\"true\" class=\"wp-block-spacer\"><\/div>\n\n\n\n<ul class=\"wp-block-social-links is-content-justification-center is-layout-flex wp-container-core-social-links-is-layout-16018d1d wp-block-social-links-is-layout-flex\"><li class=\"wp-social-link wp-social-link-linkedin  wp-block-social-link\"><a href=\"https:\/\/www.linkedin.com\/in\/j%C3%A9r%C3%A9my-dupont-1764ab202\/\" class=\"wp-block-social-link-anchor\"><svg width=\"24\" height=\"24\" viewBox=\"0 0 24 24\" version=\"1.1\" xmlns=\"http:\/\/www.w3.org\/2000\/svg\" aria-hidden=\"true\" focusable=\"false\"><path d=\"M19.7,3H4.3C3.582,3,3,3.582,3,4.3v15.4C3,20.418,3.582,21,4.3,21h15.4c0.718,0,1.3-0.582,1.3-1.3V4.3 C21,3.582,20.418,3,19.7,3z M8.339,18.338H5.667v-8.59h2.672V18.338z M7.004,8.574c-0.857,0-1.549-0.694-1.549-1.548 c0-0.855,0.691-1.548,1.549-1.548c0.854,0,1.547,0.694,1.547,1.548C8.551,7.881,7.858,8.574,7.004,8.574z M18.339,18.338h-2.669 v-4.177c0-0.996-0.017-2.278-1.387-2.278c-1.389,0-1.601,1.086-1.601,2.206v4.249h-2.667v-8.59h2.559v1.174h0.037 c0.356-0.675,1.227-1.387,2.526-1.387c2.703,0,3.203,1.779,3.203,4.092V18.338z\"><\/path><\/svg><span class=\"wp-block-social-link-label screen-reader-text\">LinkedIn<\/span><\/a><\/li><\/ul>\n","protected":false},"excerpt":{"rendered":"<p>De formation technique et commerciale, j\u2019ai exerc\u00e9 diverses fonctions dont celle d\u2019Acheteur Industriel, Coach, Formateur et Relais RH pour D\u00e9cathlon pendant 10 ans. Passionn\u00e9 par l&rsquo;humain, je suis form\u00e9 au coaching professionnel chez Coaching Ways (certifi\u00e9 ICF et RNCP), \u00e0 la Communication Non Violente, aux Bio-Sc\u00e9narios et je continue de me former aux approches syst\u00e9miques. &hellip; <\/p>\n","protected":false},"author":1,"featured_media":0,"parent":0,"menu_order":0,"comment_status":"closed","ping_status":"closed","template":"","meta":{"footnotes":""},"class_list":["post-81","page","type-page","status-publish","hentry"],"_links":{"self":[{"href":"https:\/\/sub-seed.com\/index.php\/wp-json\/wp\/v2\/pages\/81","targetHints":{"allow":["GET"]}}],"collection":[{"href":"https:\/\/sub-seed.com\/index.php\/wp-json\/wp\/v2\/pages"}],"about":[{"href":"https:\/\/sub-seed.com\/index.php\/wp-json\/wp\/v2\/types\/page"}],"author":[{"embeddable":true,"href":"https:\/\/sub-seed.com\/index.php\/wp-json\/wp\/v2\/users\/1"}],"replies":[{"embeddable":true,"href":"https:\/\/sub-seed.com\/index.php\/wp-json\/wp\/v2\/comments?post=81"}],"version-history":[{"count":30,"href":"https:\/\/sub-seed.com\/index.php\/wp-json\/wp\/v2\/pages\/81\/revisions"}],"predecessor-version":[{"id":332,"href":"https:\/\/sub-seed.com\/index.php\/wp-json\/wp\/v2\/pages\/81\/revisions\/332"}],"wp:attachment":[{"href":"https:\/\/sub-seed.com\/index.php\/wp-json\/wp\/v2\/media?parent=81"}],"curies":[{"name":"wp","href":"https:\/\/api.w.org\/{rel}","templated":true}]}}